{"id":6098,"date":"2026-04-07T04:41:36","date_gmt":"2026-04-07T04:41:36","guid":{"rendered":"https:\/\/sabrinacordal.com\/?post_type=product&#038;p=6098"},"modified":"2026-04-07T05:00:08","modified_gmt":"2026-04-07T05:00:08","slug":"convertite-en-speaker-el-poder-de-tu-voz","status":"publish","type":"product","link":"https:\/\/sabrinacordal.com\/en\/product\/convertite-en-speaker-el-poder-de-tu-voz\/","title":{"rendered":"Convertite en Speaker  &#8211; El poder de tu voz"},"content":{"rendered":"<h2 data-section-id=\"174lqjm\" data-start=\"178\" data-end=\"209\"><span style=\"color: #ff0000;\" role=\"text\"><strong data-start=\"184\" data-end=\"209\">Convertite en Speaker<\/strong><\/span><\/h2>\n<h2 data-start=\"318\" data-end=\"412\">Aprend\u00e9 a comunicar con claridad, confianza y presencia.<br data-start=\"1083\" data-end=\"1086\" \/>Super\u00e1 tus miedos y llev\u00e1 tu voz a otro nivel.<\/h2>\n<p>&nbsp;<\/p>\n<p>&nbsp;<\/p>\n<h2 data-start=\"446\" data-end=\"576\"><span style=\"color: #ff0000;\">Super\u00e1 el miedo a hablar en p\u00fablico.\u00a0 <\/span><span style=\"color: #ff0000;\">Aprend\u00e9 a comunicar tus ideas con impacto.<\/span><br data-start=\"527\" data-end=\"530\" \/><span style=\"color: #ff0000;\">Desarroll\u00e1 una presencia segura y profesional.\u00a0<\/span><\/h2>\n<h3><strong>Ya sea para dar conferencias, crear tus propios cursos o mejorar tu comunicaci\u00f3n en tu negocio o carrera\u2026<\/strong><\/h3>\n<p>&nbsp;<\/p>\n<h2 data-start=\"578\" data-end=\"655\"><span style=\"color: #ff0000;\">\ud83d\udca1 Porque no alcanza con tener algo para decir\u2026<\/span><br data-start=\"625\" data-end=\"628\" \/><span style=\"color: #ff0000;\">hay que saber <em>c\u00f3mo<\/em> decirlo.<\/span><\/h2>\n<h2 data-section-id=\"1y5ojtk\" data-start=\"373\" data-end=\"407\"><\/h2>\n<h2 data-section-id=\"djd0b1\" data-start=\"662\" data-end=\"699\">\ud83d\ude80 TRANSFORMACI\u00d3N<\/h2>\n<h3 data-start=\"701\" data-end=\"736\"><em>En este programa vas a trabajar en:<\/em><\/h3>\n<p>&nbsp;<\/p>\n<h3 data-start=\"738\" data-end=\"935\">\u2714 Tu forma de hablar y comunicar<br data-start=\"770\" data-end=\"773\" \/>\u2714 Tu presencia y seguridad al expresarte<br data-start=\"813\" data-end=\"816\" \/>\u2714 La presentaci\u00f3n de tus ideas o negocio<br data-start=\"856\" data-end=\"859\" \/>\u2714 Tu capacidad de conectar con otros<br data-start=\"895\" data-end=\"898\" \/>\u2714 Tu mensaje personal o profesional<\/h3>\n<p>&nbsp;<\/p>\n<p>&nbsp;<\/p>\n<h2 data-section-id=\"150l9tg\" data-start=\"510\" data-end=\"529\">\ud83d\ude80 \u00bfQU\u00c9 INCLUYE?<\/h2>\n<h3 data-start=\"531\" data-end=\"760\">\u2714 4 sesiones en vivo (entrenamiento pr\u00e1ctico)<br data-start=\"576\" data-end=\"579\" \/>\u2714 Duraci\u00f3n:\u00a0 1:30 &#8211; 2\u00a0 por encuentro<br data-start=\"614\" data-end=\"617\" \/>\u2714 Ejercicios pr\u00e1cticos en cada clase<br data-start=\"653\" data-end=\"656\" \/>\u2714 Material de apoyo y gu\u00edas<br data-start=\"683\" data-end=\"686\" \/>\u2714 Espacio de pr\u00e1ctica real<br data-start=\"712\" data-end=\"715\" \/>\u2714 Certificado de participaci\u00f3n al finalizar<\/h3>\n<h2 data-section-id=\"hm5w8r\" data-start=\"767\" data-end=\"791\"><\/h2>\n<h2 data-section-id=\"hm5w8r\" data-start=\"767\" data-end=\"791\">\ud83c\udfaf \u00bfQU\u00c9 VAS A LOGRAR?<\/h2>\n<h3 data-start=\"793\" data-end=\"1042\">\u2714 Superar el miedo a hablar en p\u00fablico<br data-start=\"831\" data-end=\"834\" \/>\u2714 Mejorar tu comunicaci\u00f3n y claridad al expresarte<br data-start=\"884\" data-end=\"887\" \/>\u2714 Desarrollar seguridad y presencia<br data-start=\"922\" data-end=\"925\" \/>\u2714 Aprender a presentar tus ideas o tu negocio<br data-start=\"970\" data-end=\"973\" \/>\u2714 Conectar con tu audiencia<br data-start=\"1000\" data-end=\"1003\" \/>\u2714 Empezar a posicionarte como speaker<\/h3>\n<h2 data-section-id=\"kxjw0f\" data-start=\"1049\" data-end=\"1072\"><\/h2>\n<h2 data-section-id=\"kxjw0f\" data-start=\"1049\" data-end=\"1072\">\ud83d\udca1\u00a0No es solo teor\u00eda. Es un entrenamiento donde vas a trabajar:<\/h2>\n<h4 data-start=\"1137\" data-end=\"1209\">\u2728 Tu voz<br data-start=\"1145\" data-end=\"1148\" \/>\u2728 Tu mensaje<br data-start=\"1160\" data-end=\"1163\" \/>\u2728 Tu presencia<br data-start=\"1177\" data-end=\"1180\" \/>\u2728 Tu comunicaci\u00f3n en acci\u00f3n<\/h4>\n<h4 data-start=\"1211\" data-end=\"1286\">\ud83d\udca5 Para que pases de pensar lo que quer\u00e9s decir\u2026<br data-start=\"1259\" data-end=\"1262\" \/>a decirlo con seguridad.<\/h4>\n<p>&nbsp;<\/p>\n<p>&nbsp;<\/p>\n<p>&nbsp;<\/p>\n<h2 data-section-id=\"zao7gj\" data-start=\"1293\" data-end=\"1314\">\ud83d\udc65 \u00bfPARA QUI\u00c9N ES?<\/h2>\n<ul data-start=\"1316\" data-end=\"1550\">\n<li data-section-id=\"1q97ab7\" data-start=\"1316\" data-end=\"1364\">\n<h3>Personas que quieren mejorar su comunicaci\u00f3n<\/h3>\n<\/li>\n<li data-section-id=\"1b5fteo\" data-start=\"1365\" data-end=\"1408\">\n<h3>Emprendedores que necesitan visibilidad<\/h3>\n<\/li>\n<li data-section-id=\"161tvrg\" data-start=\"1409\" data-end=\"1458\">\n<h3>Profesionales que presentan ideas o proyectos<\/h3>\n<\/li>\n<li data-section-id=\"64k3cn\" data-start=\"1459\" data-end=\"1501\">\n<h3>Futuros speakers, coaches o formadores<\/h3>\n<\/li>\n<li data-section-id=\"15dxbot\" data-start=\"1502\" data-end=\"1550\">\n<h3>Personas que saben que tienen m\u00e1s para decir<\/h3>\n<\/li>\n<\/ul>\n<p>&nbsp;<\/p>\n<h2><\/h2>\n<h2 data-section-id=\"gf9777\" data-start=\"1557\" data-end=\"1573\">\ud83d\udea8 IMPORTANTE<\/h2>\n<h2 data-start=\"1575\" data-end=\"1663\">Este es un curso intensivo y pr\u00e1ctico.<br data-start=\"1613\" data-end=\"1616\" \/>Vas a participar, practicar y recibir feedback.<\/h2>\n<h2 data-start=\"1665\" data-end=\"1700\">\ud83d\udc49 <span style=\"color: #ff0000;\">No es para mirar. Es para hacer.<\/span><\/h2>\n<h2 data-start=\"1665\" data-end=\"1700\"><\/h2>\n<h2><\/h2>\n<h2 data-section-id=\"1b8r6b4\" data-start=\"1859\" data-end=\"1893\">\ud83d\udd25 <em>BONUS\u00a0<\/em><\/h2>\n<h2 data-start=\"1911\" data-end=\"1993\">\ud83c\udf81 Feedback personalizado durante el curso\u00a0<br data-start=\"1953\" data-end=\"1956\" \/>\ud83c\udf81 Gu\u00eda<\/h2>\n<h2 data-start=\"1911\" data-end=\"1993\"><\/h2>\n<h2 data-start=\"1911\" data-end=\"1993\"><\/h2>\n<h2 data-section-id=\"1diwao0\" data-start=\"2000\" data-end=\"2030\">\ud83d\udca5T<strong style=\"font-size: 16px;\" data-start=\"2034\" data-end=\"2094\">u voz puede abrirte oportunidades\u2026 o dejarte invisible.<\/strong><\/h2>","protected":false},"excerpt":{"rendered":"<p>Convertite en Speaker Aprend\u00e9 a comunicar con claridad, confianza y presencia.Super\u00e1 tus miedos y llev\u00e1 tu voz a otro nivel. &nbsp; &nbsp; Super\u00e1 el miedo a hablar en p\u00fablico.\u00a0 Aprend\u00e9 a comunicar tus ideas con impacto.Desarroll\u00e1 una presencia segura y profesional.\u00a0 Ya sea para dar conferencias, crear tus propios cursos o mejorar tu comunicaci\u00f3n en [&hellip;]<\/p>\n","protected":false},"featured_media":6099,"template":"","meta":[],"product_brand":[],"product_cat":[36],"product_tag":[],"class_list":{"0":"post-6098","1":"product","2":"type-product","3":"status-publish","4":"has-post-thumbnail","6":"product_cat-coaching","7":"post","9":"first","10":"instock","11":"shipping-taxable","12":"purchasable","13":"product-type-simple"},"bundled_by":[],"bundle_stock_status":"instock","bundle_stock_quantity":null,"bundle_virtual":false,"bundle_layout":"","bundle_add_to_cart_form_location":"","bundle_editable_in_cart":false,"bundle_sold_individually_context":"","bundle_item_grouping":"","bundle_min_size":"","bundle_max_size":"","bundle_price":[],"bundled_items":[],"bundle_sell_ids":[],"jetpack_sharing_enabled":true,"_links":{"self":[{"href":"https:\/\/sabrinacordal.com\/en\/wp-json\/wp\/v2\/product\/6098","targetHints":{"allow":["GET"]}}],"collection":[{"href":"https:\/\/sabrinacordal.com\/en\/wp-json\/wp\/v2\/product"}],"about":[{"href":"https:\/\/sabrinacordal.com\/en\/wp-json\/wp\/v2\/types\/product"}],"wp:featuredmedia":[{"embeddable":true,"href":"https:\/\/sabrinacordal.com\/en\/wp-json\/wp\/v2\/media\/6099"}],"wp:attachment":[{"href":"https:\/\/sabrinacordal.com\/en\/wp-json\/wp\/v2\/media?parent=6098"}],"wp:term":[{"taxonomy":"product_brand","embeddable":true,"href":"https:\/\/sabrinacordal.com\/en\/wp-json\/wp\/v2\/product_brand?post=6098"},{"taxonomy":"product_cat","embeddable":true,"href":"https:\/\/sabrinacordal.com\/en\/wp-json\/wp\/v2\/product_cat?post=6098"},{"taxonomy":"product_tag","embeddable":true,"href":"https:\/\/sabrinacordal.com\/en\/wp-json\/wp\/v2\/product_tag?post=6098"}],"curies":[{"name":"wp","href":"https:\/\/api.w.org\/{rel}","templated":true}]}}